{"id":459,"date":"2022-11-16T08:16:29","date_gmt":"2022-11-16T08:16:29","guid":{"rendered":"http:\/\/tunderorszagbolcsi.hu\/?page_id=459"},"modified":"2024-12-03T19:48:08","modified_gmt":"2024-12-03T19:48:08","slug":"bolcsodenk-bemutatasa","status":"publish","type":"page","link":"http:\/\/tunderorszagbolcsi.hu\/?page_id=459","title":{"rendered":"B\u00f6lcs\u0151d\u00e9nk bemutat\u00e1sa"},"content":{"rendered":"<div data-colibri-id=\"459-c1\" class=\"style-625 style-local-459-c1 position-relative\">\n  <!---->\n  <div data-colibri-component=\"section\" data-colibri-id=\"459-c2\" id=\"about\" class=\"h-section h-section-global-spacing d-flex align-items-lg-center align-items-md-center align-items-center style-634 style-local-459-c2 position-relative\">\n    <!---->\n    <!---->\n    <div class=\"h-section-grid-container h-section-boxed-container\">\n      <!---->\n      <div data-colibri-id=\"459-c3\" class=\"h-row-container gutters-row-lg-2 gutters-row-md-2 gutters-row-2 gutters-row-v-lg-2 gutters-row-v-md-2 gutters-row-v-2 style-635 style-local-459-c3 position-relative\">\n        <!---->\n        <div class=\"h-row justify-content-lg-center justify-content-md-center justify-content-center align-items-lg-stretch align-items-md-stretch align-items-stretch gutters-col-lg-2 gutters-col-md-2 gutters-col-2 gutters-col-v-lg-2 gutters-col-v-md-2 gutters-col-v-2\">\n          <!---->\n          <div class=\"h-column h-column-container d-flex h-col-lg-auto h-col-md-auto h-col-auto style-636-outer style-local-459-c4-outer\">\n            <div data-colibri-id=\"459-c4\" class=\"d-flex h-flex-basis h-column__inner h-px-lg-2 h-px-md-2 h-px-2 v-inner-lg-2 v-inner-md-2 v-inner-2 style-636 style-local-459-c4 position-relative\">\n              <!---->\n              <!---->\n              <div class=\"w-100 h-y-container h-column__content h-column__v-align flex-basis-100 align-self-lg-center align-self-md-center align-self-center\">\n                <!---->\n                <div data-colibri-id=\"459-c5\" class=\"h-global-transition-all h-heading style-637 style-local-459-c5 position-relative h-element\">\n                  <!---->\n                  <div class=\"h-heading__outer style-637 style-local-459-c5\">\n                    <!---->\n                    <!---->\n                    <h5 class=\"\">T\u00fcnd\u00e9rorsz\u00e1g b\u00f6lcs\u0151de, Dunavars\u00e1ny els\u0151 b\u00f6lcs\u0151d\u00e9je.<\/h5>\n                  <\/div>\n                <\/div>\n                <div data-colibri-id=\"459-c6\" class=\"h-global-transition-all h-heading style-638 style-local-459-c6 position-relative h-element\">\n                  <!---->\n                  <div class=\"h-heading__outer style-638 style-local-459-c6\">\n                    <!---->\n                    <!---->\n                    <h2 class=\"\">Dunavars\u00e1ny az ut\u00f3bbi \u00e9vekben rendk\u00edv\u00fcl dinamikusan fejl\u0151d\u0151 telep\u00fcl\u00e9ss\u00e9 n\u0151tte ki mag\u00e1t, majd 2004. szeptember 18-\u00e1n v\u00e1ross\u00e1 avatt\u00e1k.<\/h2>\n                  <\/div>\n                <\/div>\n                <div data-colibri-id=\"459-c7\" class=\"h-text h-text-component style-639 style-local-459-c7 position-relative h-element\">\n                  <!---->\n                  <!---->\n                  <div class=\"\">\n                    <p>2018-ban a lakoss\u00e1g 8148 f\u0151re n\u0151tt, t\u00f6bbs\u00e9g\u00e9ben fiatal betelep\u00fcl\u0151kkel, \u00edgy sz\u00fcks\u00e9gess\u00e9 v\u00e1lt egy \u00faj b\u00f6lcs\u0151de meg\u00e9p\u00edt\u00e9se.<\/p>\n                    <p>2021 nyar\u00e1n az alapk\u0151 let\u00e9tele meg is t\u00f6rt\u00e9nt. 2022 szeptember 19-\u00e9n \u00e1tadt\u00e1k a 4 csoportos, 48 f\u00e9r\u0151helyes nagy udvarral, k\u00f6rbevett \u00faj \u00e9s mindent kiel\u00e9g\u00edt\u0151 korszer\u0171 b\u00f6lcs\u0151d\u00e9t.<\/p>\n                    <p>A b\u00f6lcs\u0151de a gyermekj\u00f3l\u00e9ti alapell\u00e1t\u00e1s r\u00e9szek\u00e9nt a gyermekek napk\u00f6zbeni ell\u00e1t\u00e1s\u00e1nak egyik form\u00e1ja. A b\u00f6lcs\u0151de a csal\u00e1dban nevelked\u0151 (20 hetest\u0151l \u2013 3 \u00e9ves korig) gyermekek szakszer\u0171 gondoz\u00e1s\u00e1t \u00e9s nevel\u00e9s\u00e9t v\u00e9gz\u0151 int\u00e9zm\u00e9ny. A b\u00f6lcs\u0151dei\n                      nevel\u00e9s, gondoz\u00e1s a csal\u00e1di nevel\u00e9ssel egy\u00fctt, azt kieg\u00e9sz\u00edtve szolg\u00e1lja a gyermek fejl\u0151d\u00e9s\u00e9t.<\/p>\n                    <p>T\u00fcnd\u00e9rorsz\u00e1g b\u00f6lcs\u0151d\u00e9j\u00e9ben k\u00e9t gondoz\u00e1si egys\u00e9g van, mely n\u00e9gy csoportszob\u00e1t jelent. A szob\u00e1k 50 m2\u2013esek. A csoportokhoz tartozik egy-egy \u00f6lt\u00f6z\u0151, egy f\u00fcrd\u0151szoba \u00e9s egy \u00e1rny\u00e9kol\u00f3val ell\u00e1tott nyitott terasz. A szob\u00e1k berendez\u00e9se korszer\u0171,\n                      \u00faj b\u00fatorokkal berendezett. K\u00fcl\u00f6n sarkok vannak kialak\u00edtva a nyugodt j\u00e1tsz\u00e1s biztos\u00edt\u00e1s\u00e1ra. A n\u00e9gy csoportszob\u00e1nk nevei \u00e1llatokr\u00f3l lett elnevezve, ami a szobafal\u00e1t is d\u00edsz\u00edti egyben. M\u00f3kus, R\u00f3ka, Maci \u00e9s H\u00f3d csoport<strong>.<\/strong><\/p>\n                    <p>A b\u00f6lcs\u0151dei egys\u00e9gekre jut egy k\u00f6z\u00f6s, csoportszob\u00e1kkal k\u00f6zvetlen kapcsolatos f\u00fcrd\u0151szoba, melynek berendez\u00e9se t\u00f6k\u00e9letesen illeszkedik a gyermekek \u00e9letkor\u00e1hoz, \u00e9s seg\u00edti a gyermekek \u00f6n\u00e1ll\u00f3s\u00e1gra nevel\u00e9s\u00e9t.<\/p>\n                    <p>A gyermek\u00f6lt\u00f6z\u0151kben, mely k\u00f6zvetlen kapcsolatos a csoportszob\u00e1kkal, illetve a f\u00fcrd\u0151szob\u00e1val, minden gyermek sz\u00e1m\u00e1ra saj\u00e1t, \u00e1lland\u00f3, jellel ell\u00e1tott szekr\u00e9ny \u00e9s cip\u0151tart\u00f3 tal\u00e1lhat\u00f3. Az \u00f6lt\u00f6z\u0151kben a sz\u00fcl\u0151k sz\u00e1m\u00e1ra biztos\u00edtunk pelenk\u00e1z\u00e1si,\n                      illetve k\u00e9zmos\u00e1si lehet\u0151s\u00e9get is.<\/p>\n                    <p>\u00c9p\u00fclet\u00fcnkben a fent eml\u00edtett helys\u00e9geken k\u00edv\u00fcl van m\u00e9g kisgyermeknevel\u0151i szoba, \u00f6lt\u00f6z\u0151, teakonyha, rakt\u00e1rak, iroda, mosodai helys\u00e9gek.<\/p>\n                  <\/div>\n                <\/div>\n              <\/div>\n            <\/div>\n          <\/div>\n          <div class=\"h-column h-column-container d-flex h-col-lg-auto h-col-md-auto h-col-auto style-642-outer style-local-459-c8-outer\">\n            <div data-colibri-id=\"459-c8\" class=\"d-flex h-flex-basis h-column__inner h-px-lg-2 h-px-md-2 h-px-2 v-inner-lg-2 v-inner-md-2 v-inner-2 style-642 style-local-459-c8 position-relative\">\n              <!---->\n              <!---->\n              <div class=\"w-100 h-y-container h-column__content h-column__v-align flex-basis-100 align-self-lg-center align-self-md-center align-self-center\">\n                <!---->\n                <div data-colibri-id=\"459-c9\" class=\"d-block style-643 style-local-459-c9 position-relative h-element\">\n                  <!---->\n                  <div class=\"h-image__frame-container-outer\">\n                    <div class=\"h-image__frame-container\">\n                      <!---->\n                      <!---->\n                      <img loading=\"lazy\" decoding=\"async\" width=\"540\" height=\"540\" src=\"http:\/\/tunderorszagbolcsi.hu\/wp-content\/uploads\/2022\/11\/cropped-facebook_1668425126968_6997882183746104701.jpg\" class=\"wp-image-462 style-643-image style-local-459-c9-image\" alt=\"\" srcset=\"http:\/\/tunderorszagbolcsi.hu\/wp-content\/uploads\/2022\/11\/cropped-facebook_1668425126968_6997882183746104701.jpg 540w, http:\/\/tunderorszagbolcsi.hu\/wp-content\/uploads\/2022\/11\/cropped-facebook_1668425126968_6997882183746104701-300x300.jpg 300w, http:\/\/tunderorszagbolcsi.hu\/wp-content\/uploads\/2022\/11\/cropped-facebook_1668425126968_6997882183746104701-150x150.jpg 150w\" sizes=\"auto, (max-width: 540px) 100vw, 540px\" \/>\n                      <div class=\"h-image__frame h-hide-sm style-643-frameImage style-local-459-c9-frameImage\"><\/div>\n                    <\/div>\n                  <\/div>\n                <\/div>\n              <\/div>\n            <\/div>\n          <\/div>\n        <\/div>\n      <\/div>\n    <\/div>\n  <\/div>\n  <div data-colibri-component=\"section\" data-colibri-id=\"459-c10\" id=\"content\" class=\"h-section h-section-global-spacing d-flex align-items-lg-center align-items-md-center align-items-center style-644 style-local-459-c10 position-relative\">\n    <!---->\n    <!---->\n    <div class=\"h-section-grid-container h-section-boxed-container\">\n      <!---->\n      <div data-colibri-id=\"459-c11\" class=\"h-row-container gutters-row-lg-2 gutters-row-md-2 gutters-row-2 gutters-row-v-lg-2 gutters-row-v-md-2 gutters-row-v-2 style-645 style-local-459-c11 position-relative\">\n        <!---->\n        <div class=\"h-row justify-content-lg-center justify-content-md-center justify-content-center align-items-lg-stretch align-items-md-stretch align-items-stretch gutters-col-lg-2 gutters-col-md-2 gutters-col-2 gutters-col-v-lg-2 gutters-col-v-md-2 gutters-col-v-2\">\n          <!---->\n          <div class=\"h-column h-column-container d-flex h-col-lg-auto h-col-md-auto h-col-auto style-646-outer style-local-459-c12-outer\">\n            <div data-colibri-id=\"459-c12\" class=\"d-flex h-flex-basis h-column__inner h-px-lg-0 h-px-md-2 h-px-0 v-inner-lg-0 v-inner-md-2 v-inner-0 style-646 style-local-459-c12 position-relative\">\n              <!---->\n              <!---->\n              <div class=\"w-100 h-y-container h-column__content h-column__v-align flex-basis-100 align-self-lg-center align-self-md-center align-self-center\">\n                <!---->\n                <div data-colibri-id=\"459-c13\" class=\"d-block style-647 style-local-459-c13 position-relative h-element\">\n                  <!---->\n                  <div class=\"h-image__frame-container-outer\">\n                    <div class=\"h-image__frame-container\">\n                      <!---->\n                      <!---->\n                      <img loading=\"lazy\" decoding=\"async\" width=\"720\" height=\"720\" src=\"http:\/\/tunderorszagbolcsi.hu\/wp-content\/uploads\/2022\/11\/cropped-cropped-facebook_1668424888512_6997881183587221836-1.jpg\" class=\"wp-image-463 style-647-image style-local-459-c13-image\" alt=\"\" srcset=\"http:\/\/tunderorszagbolcsi.hu\/wp-content\/uploads\/2022\/11\/cropped-cropped-facebook_1668424888512_6997881183587221836-1.jpg 720w, http:\/\/tunderorszagbolcsi.hu\/wp-content\/uploads\/2022\/11\/cropped-cropped-facebook_1668424888512_6997881183587221836-1-300x300.jpg 300w, http:\/\/tunderorszagbolcsi.hu\/wp-content\/uploads\/2022\/11\/cropped-cropped-facebook_1668424888512_6997881183587221836-1-150x150.jpg 150w\" sizes=\"auto, (max-width: 720px) 100vw, 720px\" \/>\n                      <div class=\"h-image__frame h-hide-sm style-647-frameImage style-local-459-c13-frameImage\"><\/div>\n                    <\/div>\n                  <\/div>\n                <\/div>\n              <\/div>\n            <\/div>\n          <\/div>\n          <div class=\"h-column h-column-container d-flex h-col-lg-auto h-col-md-auto h-col-auto style-648-outer style-local-459-c14-outer\">\n            <div data-colibri-id=\"459-c14\" class=\"d-flex h-flex-basis h-column__inner h-px-lg-0 h-px-md-0 h-px-2 v-inner-lg-0 v-inner-md-0 v-inner-2 style-648 style-local-459-c14 position-relative\">\n              <!---->\n              <!---->\n              <div class=\"w-100 h-y-container h-column__content h-column__v-align flex-basis-100 align-self-lg-center align-self-md-center align-self-center\">\n                <!---->\n                <div data-colibri-id=\"459-c15\" class=\"h-global-transition-all h-heading style-649 style-local-459-c15 position-relative h-element\">\n                  <!---->\n                  <div class=\"h-heading__outer style-649 style-local-459-c15\">\n                    <!---->\n                    <!---->\n                    <h3 class=\"\">Csoportonk\u00e9nt a megengedett gyermekl\u00e9tsz\u00e1m 12 f\u0151<\/h3>\n                  <\/div>\n                <\/div>\n                <div data-colibri-id=\"459-c16\" class=\"h-text h-text-component style-650 style-local-459-c16 position-relative h-element\">\n                  <!---->\n                  <!---->\n                  <div class=\"\">\n                    <p>Csoportonk\u00e9nt a megengedett gyermekl\u00e9tsz\u00e1m 12 f\u0151, melyhez a k\u00f6telez\u0151en el\u0151\u00edrt l\u00e9tsz\u00e1mfelt\u00e9tel biztos\u00edt\u00e1s\u00e1t figyelembe v\u00e9ve 2 kisgyermeknevel\u0151 tartozik. Ezen k\u00edv\u00fcl minden csoporthoz, 1-1 dajka van, akik seg\u00edtik a csoportban dolgoz\u00f3\n                      kisgyermeknevel\u0151k nevel\u0151-gondoz\u00f3 munk\u00e1j\u00e1t.<\/p>\n                    <p>\u00cdgy \u00f6sszesen 8 kisgyermeknevel\u0151, 4 dajka, egy irodai asszisztens \u00e9s egy szakmai vezet\u0151 l\u00e1tja el a napi feladatokat.<\/p>\n                    <p>Fontosnak tartom, hogy a b\u00f6lcs\u0151d\u00e9t \u00faj tartalmakkal, programokkal, hagyom\u00e1ny\u0151rz\u0151 szok\u00e1sokkal t\u00f6lts\u00fck meg. <\/p>\n                    <p>B\u00f6lcs\u0151dei programunkban hozz\u00e1j\u00e1rulunk az optim\u00e1lis felt\u00e9telek biztos\u00edt\u00e1s\u00e1hoz \u00e9s mindazokhoz, amelyek az int\u00e9zm\u00e9ny eredm\u00e9nyes m\u0171k\u00f6d\u00e9s\u00e9hez sz\u00fcks\u00e9gesek. Pedag\u00f3giai hitvall\u00e1s \u201e\u00c9n azt hiszem, gyereket csak \u00fagy lehet nevelni, ha az ember\n                      megtiszteli azzal, hogy komolyan veszi\u201d \/Szab\u00f3 Magda\/ Az eg\u00e9szs\u00e9ges, boldog, kreat\u00edv nemzed\u00e9kek nevel\u00e9s\u00e9ben a b\u00f6lcs\u0151d\u00e9ben elt\u00f6lt\u00f6tt \u00e9veknek meghat\u00e1roz\u00f3 szerep\u00fck van. A b\u00f6lcs\u0151dei nevel\u00e9s folyamat\u00e1ban a pedag\u00f3gia felel\u0151ss\u00e9g, tudatoss\u00e1g,\n                      tervszer\u0171s\u00e9g alapfelt\u00e9tel, de a magas fok\u00fa hivat\u00e1studat, a gyermeki szem\u00e9lyis\u00e9g tiszteletben tart\u00e1sa, felt\u00e9tel n\u00e9lk\u00fcli elfogad\u00e1sa \u00e9s az eg\u00e9szs\u00e9g\u00fck v\u00e9delme elengedhetetlen. Meggy\u0151z\u0151d\u00e9sem, hogy a b\u00f6lcs\u0151d\u00e9s kor\u00fa gyermekek sokoldal\u00fa,\n                      harmonikus fejleszt\u00e9s\u00e9t az \u00e9letkori \u00e9s egy\u00e9ni saj\u00e1toss\u00e1gok figyelembev\u00e9tel\u00e9vel lehet csak megval\u00f3s\u00edtani, emellett a b\u00f6lcs\u0151dei \u00e9let szervez\u00e9s\u00e9ben f\u0151szerepet kell biztos\u00edtani a j\u00e1t\u00e9knak, a mozg\u00e1s \u00f6r\u00f6m\u00e9nek, a cselekv\u00e9sv\u00e1gy kiel\u00e9g\u00edt\u00e9s\u00e9nek,\n                      az \u00f6szt\u00f6n\u00f6s, term\u00e9szetes k\u00edv\u00e1ncsis\u00e1gb\u00f3l ad\u00f3d\u00f3 megismer\u00e9snek, amikor a gyermek \u00e9rdekl\u0151d\u00e9se, tev\u00e9kenys\u00e9ge ezt megk\u00edv\u00e1nja. <\/p>\n                  <\/div>\n                <\/div>\n              <\/div>\n            <\/div>\n          <\/div>\n        <\/div>\n      <\/div>\n    <\/div>\n  <\/div>\n  <div data-colibri-component=\"section\" data-colibri-id=\"459-c17\" id=\"custom\" class=\"h-section h-section-global-spacing d-flex align-items-lg-center align-items-md-center align-items-center style-653 style-local-459-c17 position-relative\">\n    <!---->\n    <!---->\n    <div class=\"h-section-grid-container h-section-boxed-container\">\n      <!---->\n      <div data-colibri-id=\"459-c18\" class=\"h-row-container gutters-row-lg-2 gutters-row-md-2 gutters-row-0 gutters-row-v-lg-2 gutters-row-v-md-2 gutters-row-v-2 style-654 style-local-459-c18 position-relative\">\n        <!---->\n        <div class=\"h-row justify-content-lg-center justify-content-md-center justify-content-center align-items-lg-stretch align-items-md-stretch align-items-stretch gutters-col-lg-2 gutters-col-md-2 gutters-col-0 gutters-col-v-lg-2 gutters-col-v-md-2 gutters-col-v-2\">\n          <!---->\n          <div class=\"h-column h-column-container d-flex h-col-lg-auto h-col-md-auto h-col-auto style-655-outer style-local-459-c19-outer\">\n            <div data-colibri-id=\"459-c19\" class=\"d-flex h-flex-basis h-column__inner h-px-lg-2 h-px-md-2 h-px-2 v-inner-lg-2 v-inner-md-2 v-inner-2 style-655 style-local-459-c19 position-relative\">\n              <!---->\n              <!---->\n              <div class=\"w-100 h-y-container h-column__content h-column__v-align flex-basis-100 align-self-lg-start align-self-md-start align-self-start\">\n                <!---->\n                <div data-colibri-id=\"459-c20\" class=\"d-block style-656 style-local-459-c20 position-relative h-element\">\n                  <!---->\n                  <div class=\"h-image__frame-container-outer\">\n                    <div class=\"h-image__frame-container\">\n                      <!---->\n                      <!---->\n                      <img loading=\"lazy\" decoding=\"async\" width=\"720\" height=\"719\" src=\"http:\/\/tunderorszagbolcsi.hu\/wp-content\/uploads\/2022\/11\/cropped-facebook_1668424982239_6997881576706041233.jpg\" class=\"wp-image-464 style-656-image style-local-459-c20-image\" alt=\"\" srcset=\"http:\/\/tunderorszagbolcsi.hu\/wp-content\/uploads\/2022\/11\/cropped-facebook_1668424982239_6997881576706041233.jpg 720w, http:\/\/tunderorszagbolcsi.hu\/wp-content\/uploads\/2022\/11\/cropped-facebook_1668424982239_6997881576706041233-300x300.jpg 300w, http:\/\/tunderorszagbolcsi.hu\/wp-content\/uploads\/2022\/11\/cropped-facebook_1668424982239_6997881576706041233-150x150.jpg 150w\" sizes=\"auto, (max-width: 720px) 100vw, 720px\" \/>\n                      <div class=\"h-image__frame h-hide-lg h-hide-md h-hide-sm style-656-frameImage style-local-459-c20-frameImage\"><\/div>\n                    <\/div>\n                  <\/div>\n                <\/div>\n              <\/div>\n            <\/div>\n          <\/div>\n        <\/div>\n      <\/div>\n    <\/div>\n  <\/div>\n  <div data-colibri-component=\"section\" data-colibri-id=\"459-c21\" id=\"about-2\" class=\"h-section h-section-global-spacing d-flex align-items-lg-center align-items-md-center align-items-center style-657 style-local-459-c21 position-relative\">\n    <!---->\n    <!---->\n    <div class=\"h-section-grid-container h-section-boxed-container\">\n      <!---->\n      <div data-colibri-id=\"459-c22\" class=\"h-row-container gutters-row-lg-2 gutters-row-md-2 gutters-row-2 gutters-row-v-lg-2 gutters-row-v-md-2 gutters-row-v-2 style-658 style-local-459-c22 position-relative\">\n        <!---->\n        <div class=\"h-row justify-content-lg-center justify-content-md-center justify-content-center align-items-lg-stretch align-items-md-stretch align-items-stretch gutters-col-lg-2 gutters-col-md-2 gutters-col-2 gutters-col-v-lg-2 gutters-col-v-md-2 gutters-col-v-2\">\n          <!---->\n          <div class=\"h-column h-column-container d-flex h-col-lg-auto h-col-md-auto h-col-auto style-659-outer style-local-459-c23-outer\">\n            <div data-colibri-id=\"459-c23\" class=\"d-flex h-flex-basis h-column__inner h-px-lg-2 h-px-md-2 h-px-2 v-inner-lg-2 v-inner-md-2 v-inner-2 style-659 style-local-459-c23 position-relative\">\n              <!---->\n              <!---->\n              <div class=\"w-100 h-y-container h-column__content h-column__v-align flex-basis-100 align-self-lg-center align-self-md-center align-self-center\">\n                <!---->\n                <div data-colibri-id=\"459-c24\" class=\"h-global-transition-all h-heading style-661 style-local-459-c24 position-relative h-element\">\n                  <!---->\n                  <div class=\"h-heading__outer style-661 style-local-459-c24\">\n                    <!---->\n                    <!---->\n                    <h2 class=\"\">A Pedag\u00f3gia Programban megfogalmazott \u00e9rt\u00e9kek<\/h2>\n                  <\/div>\n                <\/div>\n                <div data-colibri-id=\"459-c25\" class=\"h-text h-text-component style-662 style-local-459-c25 position-relative h-element\">\n                  <!---->\n                  <!---->\n                  <div class=\"\">\n                    <p>A Pedag\u00f3gia Programban megfogalmazott \u00e9rt\u00e9keket k\u00e9pviselj\u00fck: gyermekk\u00f6zpont\u00fas\u00e1g, befogad\u00f3, szeretetteljes, \u00e9rzelmi biztons\u00e1g ny\u00fajt\u00e1sa, gyermeki szem\u00e9lyis\u00e9g sokoldal\u00fa, egy\u00e9ni k\u00e9pess\u00e9gek szerinti nevel\u00e9s\u00e9t, fejleszt\u00e9s\u00e9t, testi-lelki\n                      gondoz\u00e1s\u00e1t, erk\u00f6lcsi \u00e9s k\u00f6z\u00f6ss\u00e9gi nevel\u00e9s\u00e9t, tiszteletben tartva a csal\u00e1di nevel\u00e9s els\u0151dlegess\u00e9g\u00e9t, k\u00f6vetkez\u0151 \u00e9letszakaszba val\u00f3 \u00e1tl\u00e9p\u00e9sre t\u00f6rt\u00e9n\u0151 felk\u00e9sz\u00edt\u00e9s\u00e9t, k\u00f6rnyezettudatos magatart\u00e1s megalapoz\u00e1s\u00e1t, eg\u00e9szs\u00e9ges \u00e9letvitel ig\u00e9ny\n                      kialak\u00edt\u00e1s\u00e1t, h\u00e1tr\u00e1nyos helyzet\u0171 gyermekek integr\u00e1ci\u00f3s nevel\u00e9s\u00e9t, es\u00e9lyegyenl\u0151tlens\u00e9g\u00e9nek cs\u00f6kkent\u00e9s\u00e9t, illetve es\u00e9lyteremt\u00e9s\u00e9t, saj\u00e1tos nevel\u00e9si ig\u00e9ny\u0171 gyermekek integr\u00e1l\u00e1s\u00e1val es\u00e9lyegyenl\u0151s\u00e9g\u00fck biztos\u00edt\u00e1s\u00e1t. <\/p>\n                    <p>Legf\u0151bb t\u00f6rekv\u00e9s\u00fcnk, a b\u00f6lcs\u0151d\u00e9be j\u00e1r\u00f3 gyermekek \u00e9rdekeinek mindenekfelett \u00e1ll\u00f3 v\u00e9delme. A pedag\u00f3gushivat\u00e1st az ebb\u0151l ad\u00f3d\u00f3 felel\u0151ss\u00e9gtudatban kell gyakorolni.<\/p>\n                    <p>Fontosnak tartjuk, hogy a b\u00f6lcs\u0151de \u00e9s a csal\u00e1d \u00e9rt\u00e9krendje a k\u00f6rnyezeti nevel\u00e9s ter\u00e9n is hasonl\u00f3 legyen. Ennek el\u00e9r\u00e9s\u00e9ben meghat\u00e1roz\u00f3ak lehetnek a csal\u00e1dokkal k\u00f6z\u00f6sen szervezett programok.<\/p>\n                  <\/div>\n                <\/div>\n              <\/div>\n            <\/div>\n          <\/div>\n          <div class=\"h-column h-column-container d-flex h-col-lg-auto h-col-md-auto h-col-auto style-665-outer style-local-459-c26-outer\">\n            <div data-colibri-id=\"459-c26\" class=\"d-flex h-flex-basis h-column__inner h-px-lg-2 h-px-md-2 h-px-2 v-inner-lg-2 v-inner-md-2 v-inner-2 style-665 style-local-459-c26 position-relative\">\n              <!---->\n              <!---->\n              <div class=\"w-100 h-y-container h-column__content h-column__v-align flex-basis-100 align-self-lg-center align-self-md-center align-self-center\">\n                <!---->\n                <div data-colibri-id=\"459-c27\" class=\"d-block style-666 style-local-459-c27 position-relative h-element\">\n                  <!---->\n                  <div class=\"h-image__frame-container-outer\">\n                    <div class=\"h-image__frame-container\">\n                      <!---->\n                      <!---->\n                      <img loading=\"lazy\" decoding=\"async\" width=\"720\" height=\"720\" src=\"http:\/\/tunderorszagbolcsi.hu\/wp-content\/uploads\/2022\/11\/cropped-facebook_1668425214633_6997882551439890163-1.jpg\" class=\"wp-image-465 style-666-image style-local-459-c27-image\" alt=\"\" srcset=\"http:\/\/tunderorszagbolcsi.hu\/wp-content\/uploads\/2022\/11\/cropped-facebook_1668425214633_6997882551439890163-1.jpg 720w, http:\/\/tunderorszagbolcsi.hu\/wp-content\/uploads\/2022\/11\/cropped-facebook_1668425214633_6997882551439890163-1-300x300.jpg 300w, http:\/\/tunderorszagbolcsi.hu\/wp-content\/uploads\/2022\/11\/cropped-facebook_1668425214633_6997882551439890163-1-150x150.jpg 150w\" sizes=\"auto, (max-width: 720px) 100vw, 720px\" \/>\n                      <div class=\"h-image__frame h-hide-sm style-666-frameImage style-local-459-c27-frameImage\"><\/div>\n                    <\/div>\n                  <\/div>\n                <\/div>\n              <\/div>\n            <\/div>\n          <\/div>\n        <\/div>\n      <\/div>\n    <\/div>\n  <\/div>\n  <div data-colibri-component=\"section\" data-colibri-id=\"459-c28\" id=\"about-3\" class=\"h-section h-section-global-spacing d-flex align-items-lg-center align-items-md-center align-items-center style-679 style-local-459-c28 position-relative\">\n    <!---->\n    <!---->\n    <div class=\"h-section-grid-container h-section-boxed-container\">\n      <div data-colibri-id=\"459-c33\" class=\"h-row-container gutters-row-lg-2 gutters-row-md-2 gutters-row-2 gutters-row-v-lg-2 gutters-row-v-md-2 gutters-row-v-2 style-684 style-local-459-c33 position-relative\">\n        <!---->\n        <div class=\"h-row justify-content-lg-center justify-content-md-center justify-content-center align-items-lg-stretch align-items-md-stretch align-items-stretch gutters-col-lg-2 gutters-col-md-2 gutters-col-2 gutters-col-v-lg-2 gutters-col-v-md-2 gutters-col-v-2\">\n          <!---->\n          <div class=\"h-column h-column-container d-flex h-col-lg-auto h-col-md-auto h-col-auto style-685-outer style-local-459-c34-outer\">\n            <div data-colibri-id=\"459-c34\" class=\"d-flex h-flex-basis h-column__inner h-px-lg-2 h-px-md-2 h-px-2 v-inner-lg-2 v-inner-md-2 v-inner-2 style-685 style-local-459-c34 position-relative\">\n              <!---->\n              <!---->\n              <div class=\"w-100 h-y-container h-column__content h-column__v-align flex-basis-100 align-self-lg-start align-self-md-start align-self-start\">\n                <!---->\n                <div data-colibri-id=\"459-c35\" class=\"h-lead h-text h-text-component style-688 style-local-459-c35 position-relative h-element\">\n                  <!---->\n                  <!---->\n                  <div class=\"\">\n                    <p>A beszoktat\u00e1s folyam\u00e1n arra t\u00f6reksz\u00fcnk, hogy a sz\u00fcl\u0151k megbizonyosodjanak arr\u00f3l, hogy t\u00e1voll\u00e9t\u00fckben gyermek\u00fck biztons\u00e1gos, szeretetteljes, elfogad\u00f3 k\u00f6rnyezetben lesz a b\u00f6lcs\u0151d\u00e9ben. A napirend kialak\u00edt\u00e1sa sor\u00e1n figyelembe vessz\u00fck a gyermekek\n                      \u00e9letkori saj\u00e1toss\u00e1gait, az egy\u00e9ni ig\u00e9nyeket, a fejletts\u00e9gi szintj\u00e9t, \u00e9s ehhez igaz\u00edtjuk szakmai elk\u00e9pzel\u00e9seinket. Lehet\u0151s\u00e9get biztos\u00edtunk sok-sok k\u00fcl\u00f6nb\u00f6z\u0151 tev\u00e9kenys\u00e9gre. Elegend\u0151 id\u0151t biztos\u00edtunk a szok\u00e1sok kialak\u00edt\u00e1s\u00e1ra, az \u00f6n\u00e1ll\u00f3s\u00e1g\n                      fejl\u0151d\u00e9s\u00e9re.<\/p>\n                    <p>Ebben a korban a j\u00e1t\u00e9k a legfontosabb, ez\u00e9rt mindehhez der\u0171s, minden gyermek sz\u00e1m\u00e1ra szeretetteljes, biztons\u00e1got ny\u00fajt\u00f3 l\u00e9gk\u00f6r kialak\u00edt\u00e1s\u00e1ra t\u00f6reksz\u00fcnk. A besz\u00e9d- \u00e9s sz\u00f3kincsfejleszt\u00e9s mond\u00f3ka, vers, \u00e9nek, b\u00e1b, mese, besz\u00e9lget\u00e9s alkalm\u00e1val\n                      t\u00f6rt\u00e9nik. Rajzol\u00e1s, fest\u00e9s, gyurm\u00e1z\u00e1s, ragaszt\u00e1s, f\u0171z\u00e9s \u00e9s egy\u00e9b k\u00e9zm\u0171ves tev\u00e9kenys\u00e9g szolg\u00e1lja a vizu\u00e1lis nevel\u00e9st, ny\u00fajtja az alkot\u00e1s \u00f6r\u00f6m\u00e9t. A j\u00e1t\u00e9keszk\u00f6z\u00f6k gondosan, \u00e9letkoruknak megfelel\u0151en lettek \u00f6sszev\u00e1logatva, a nagymozg\u00e1sok\n                      fejleszt\u00e9s\u00e9t\u0151l a finommotorika fejleszt\u00e9s\u00e9ig minden eszk\u00f6z megtal\u00e1lhat\u00f3, melyek seg\u00edtik a gyermekek fejl\u0151d\u00e9s\u00e9t ebben korban. A teljesen \u00faj udvarunkon a telep\u00edtett j\u00e1t\u00e9keszk\u00f6z\u00f6k mellett mobil j\u00e1t\u00e9keszk\u00f6z\u00f6ket: biciklit, triciklit,\n                      kismotort, is haszn\u00e1lhatnak a hozz\u00e1nk j\u00e1r\u00f3 gyermekek. <\/p>\n                  <\/div>\n                <\/div>\n              <\/div>\n            <\/div>\n          <\/div>\n        <\/div>\n      <\/div>\n      <div data-colibri-id=\"459-c29\" class=\"h-row-container gutters-row-lg-0 gutters-row-md-0 gutters-row-0 gutters-row-v-lg-0 gutters-row-v-md-0 gutters-row-v-0 style-680 style-local-459-c29 h-overflow-hidden position-relative\">\n        <!---->\n        <div class=\"h-row justify-content-lg-center justify-content-md-center justify-content-center align-items-lg-end align-items-md-end align-items-end gutters-col-lg-0 gutters-col-md-0 gutters-col-0 gutters-col-v-lg-0 gutters-col-v-md-0 gutters-col-v-0\">\n          <!---->\n          <div class=\"h-column h-column-container d-flex h-col-lg-auto h-col-md-auto h-col-auto align-self-lg-end align-self-md-end align-self-end style-681-outer style-local-459-c30-outer\">\n            <div data-colibri-id=\"459-c30\" class=\"d-flex h-flex-basis h-column__inner h-ui-empty-state-container h-px-lg-0 h-px-md-0 h-px-0 v-inner-lg-0 v-inner-md-0 v-inner-0 style-681 style-local-459-c30 position-relative\">\n              <!---->\n              <!---->\n              <div class=\"w-100 h-y-container h-column__content h-column__v-align flex-basis-100\">\n                <!---->\n              <\/div>\n            <\/div>\n          <\/div>\n          <div class=\"h-column h-column-container d-flex h-col-lg-auto h-col-md-auto h-col-auto align-self-lg-end align-self-md-end align-self-end style-682-outer style-local-459-c31-outer\">\n            <div data-colibri-id=\"459-c31\" class=\"d-flex h-flex-basis h-column__inner h-ui-empty-state-container h-px-lg-0 h-px-md-0 h-px-0 v-inner-lg-0 v-inner-md-0 v-inner-0 style-682 style-local-459-c31 position-relative\">\n              <!---->\n              <!---->\n              <div class=\"w-100 h-y-container h-column__content h-column__v-align flex-basis-100\">\n                <!---->\n              <\/div>\n            <\/div>\n          <\/div>\n          <div class=\"h-column h-column-container d-flex h-col-lg-auto h-col-md-auto h-col-auto align-self-lg-end align-self-md-end align-self-end style-683-outer style-local-459-c32-outer\">\n            <div data-colibri-id=\"459-c32\" class=\"d-flex h-flex-basis h-column__inner h-ui-empty-state-container h-px-lg-0 h-px-md-0 h-px-0 v-inner-lg-0 v-inner-md-0 v-inner-0 style-683 style-local-459-c32 position-relative\">\n              <!---->\n              <!---->\n              <div class=\"w-100 h-y-container h-column__content h-column__v-align flex-basis-100\">\n                <!---->\n              <\/div>\n            <\/div>\n          <\/div>\n        <\/div>\n      <\/div>\n    <\/div>\n  <\/div>\n  <div data-colibri-component=\"section\" data-colibri-id=\"459-c36\" id=\"about-4\" class=\"h-section h-section-global-spacing d-flex align-items-lg-center align-items-md-center align-items-center style-691 style-local-459-c36 position-relative\">\n    <!---->\n    <!---->\n    <div class=\"h-section-grid-container h-section-boxed-container\">\n      <!---->\n      <div data-colibri-id=\"459-c37\" class=\"h-row-container gutters-row-lg-2 gutters-row-md-2 gutters-row-2 gutters-row-v-lg-2 gutters-row-v-md-2 gutters-row-v-2 style-692 style-local-459-c37 position-relative\">\n        <!---->\n        <div class=\"h-row justify-content-lg-center justify-content-md-center justify-content-center align-items-lg-stretch align-items-md-stretch align-items-stretch gutters-col-lg-2 gutters-col-md-2 gutters-col-2 gutters-col-v-lg-2 gutters-col-v-md-2 gutters-col-v-2\">\n          <!---->\n          <div class=\"h-column h-column-container d-flex h-col-lg-auto h-col-md-auto h-col-auto style-693-outer style-local-459-c38-outer\">\n            <div data-colibri-id=\"459-c38\" class=\"d-flex h-flex-basis h-column__inner h-px-lg-2 h-px-md-2 h-px-2 v-inner-lg-2 v-inner-md-2 v-inner-2 style-693 style-local-459-c38 position-relative\">\n              <!---->\n              <!---->\n              <div class=\"w-100 h-y-container h-column__content h-column__v-align flex-basis-100 align-self-lg-center align-self-md-center align-self-center\">\n                <!---->\n                <div data-colibri-id=\"459-c39\" class=\"h-global-transition-all h-heading style-695 style-local-459-c39 position-relative h-element\">\n                  <!---->\n                  <div class=\"h-heading__outer style-695 style-local-459-c39\">\n                    <!---->\n                    <!---->\n                    <h2 class=\"\">Nevel\u00e9si alapelveink<\/h2>\n                  <\/div>\n                <\/div>\n                <div data-colibri-id=\"459-c40\" class=\"h-text h-text-component style-696 style-local-459-c40 position-relative h-element\">\n                  <!---->\n                  <!---->\n                  <div class=\"\">\n                    <p>Nevel\u00e9si alapelveink k\u00f6z\u00e9 tartozik az egy\u00e9ni b\u00e1n\u00e1sm\u00f3d \u00e9s az \u00e1lland\u00f3s\u00e1g biztos\u00edt\u00e1sa, az \u00f6n\u00e1ll\u00f3s\u00e1g \u00e9s aktivit\u00e1s seg\u00edt\u00e9se. Nevel\u00e9s\u00fcnket gyermekk\u00f6zpont\u00fa szeml\u00e9let, seg\u00edt\u0151 magatart\u00e1s jellemzi. A gyermekk\u00f6zpont\u00fas\u00e1g sz\u00e1munkra azt jelenti,\n                      hogy alkalmazkodunk a gyermek ig\u00e9nyeihez. Arra t\u00f6reksz\u00fcnk, hogy a csal\u00e1dokkal egy\u00fcttm\u0171k\u00f6dve, nevelj\u00fck a gyermekeket a rendszeress\u00e9g, fokozatoss\u00e1g \u00e9s pozit\u00edv nevel\u00e9si m\u00f3dszerek alkalmaz\u00e1s\u00e1val.<\/p>\n                    <p>B\u00f6lcs\u0151d\u00e9nkben v\u00e1ltozatos, sz\u00ednes j\u00e1t\u00e9kk\u00e9szlet seg\u00edti az \u00f6n\u00e1ll\u00f3, szabad j\u00e1t\u00e9kot, a gyermekek aktivit\u00e1s\u00e1nak, kreativit\u00e1s\u00e1nak kibontakoz\u00e1s\u00e1t. Nagy hangs\u00falyt fektet\u00fcnk a gyermekek kor\u00e1nak megfelel\u0151 \u00f6n\u00e1ll\u00f3sod\u00e1sra, a helyes higi\u00e9n\u00e9s szok\u00e1sok,\n                      viselked\u00e9si szab\u00e1lyok elsaj\u00e1t\u00edt\u00e1s\u00e1ra, a k\u00e9szs\u00e9gek, k\u00e9pess\u00e9gek fejleszt\u00e9s\u00e9re. <\/p>\n                    <p>Saj\u00e1t f\u0151z\u0151 konyh\u00e1val rendelkez\u00fcnk. Napi n\u00e9gyszeri \u00e9tkez\u00e9st biztos\u00edtunk, \u00e9lelmez\u00e9svezet\u0151 \u00e1ltal kidolgozott \u00e9tlap alapj\u00e1n. Minden \u00e9tkez\u00e9s alkalm\u00e1val friss alapanyagb\u00f3l k\u00e9sz\u00edtett \u00e9telek ker\u00fclnek a gyermekek t\u00e1ny\u00e9rj\u00e1ba, ami koruknak \u00e9s\n                      fejletts\u00e9g\u00fcknek megfelel\u0151 min\u0151s\u00e9g\u0171 \u00e9s \u00f6sszet\u00e9tel\u0171 t\u00e1panyagot tartalmaz.<\/p>\n                  <\/div>\n                <\/div>\n              <\/div>\n            <\/div>\n          <\/div>\n          <div class=\"h-column h-column-container d-flex h-col-lg-auto h-col-md-auto h-col-auto style-699-outer style-local-459-c41-outer\">\n            <div data-colibri-id=\"459-c41\" class=\"d-flex h-flex-basis h-column__inner h-px-lg-2 h-px-md-2 h-px-2 v-inner-lg-2 v-inner-md-2 v-inner-2 style-699 style-local-459-c41 position-relative\">\n              <!---->\n              <!---->\n              <div class=\"w-100 h-y-container h-column__content h-column__v-align flex-basis-100 align-self-lg-center align-self-md-center align-self-center\">\n                <!---->\n                <div data-colibri-id=\"459-c42\" class=\"d-block style-700 style-local-459-c42 position-relative h-element\">\n                  <!---->\n                  <div class=\"h-image__frame-container-outer\">\n                    <div class=\"h-image__frame-container\">\n                      <!---->\n                      <!---->\n                      <img loading=\"lazy\" decoding=\"async\" width=\"720\" height=\"720\" src=\"http:\/\/tunderorszagbolcsi.hu\/wp-content\/uploads\/2022\/11\/cropped-facebook_1668424837902_6997880971312596626.jpg\" class=\"wp-image-469 style-700-image style-local-459-c42-image\" alt=\"\" srcset=\"http:\/\/tunderorszagbolcsi.hu\/wp-content\/uploads\/2022\/11\/cropped-facebook_1668424837902_6997880971312596626.jpg 720w, http:\/\/tunderorszagbolcsi.hu\/wp-content\/uploads\/2022\/11\/cropped-facebook_1668424837902_6997880971312596626-300x300.jpg 300w, http:\/\/tunderorszagbolcsi.hu\/wp-content\/uploads\/2022\/11\/cropped-facebook_1668424837902_6997880971312596626-150x150.jpg 150w\" sizes=\"auto, (max-width: 720px) 100vw, 720px\" \/>\n                      <div class=\"h-image__frame h-hide-sm style-700-frameImage style-local-459-c42-frameImage\"><\/div>\n                    <\/div>\n                  <\/div>\n                <\/div>\n              <\/div>\n            <\/div>\n          <\/div>\n        <\/div>\n      <\/div>\n    <\/div>\n  <\/div>\n  <div data-colibri-component=\"section\" data-colibri-id=\"459-c43\" id=\"content-2\" class=\"h-section h-section-global-spacing d-flex align-items-lg-center align-items-md-center align-items-center style-701 style-local-459-c43 position-relative\">\n    <!---->\n    <!---->\n    <div class=\"h-section-grid-container h-section-boxed-container\">\n      <!---->\n      <div data-colibri-id=\"459-c44\" class=\"h-row-container gutters-row-lg-2 gutters-row-md-2 gutters-row-2 gutters-row-v-lg-2 gutters-row-v-md-2 gutters-row-v-2 style-702 style-local-459-c44 position-relative\">\n        <!---->\n        <div class=\"h-row justify-content-lg-center justify-content-md-center justify-content-center align-items-lg-stretch align-items-md-stretch align-items-stretch gutters-col-lg-2 gutters-col-md-2 gutters-col-2 gutters-col-v-lg-2 gutters-col-v-md-2 gutters-col-v-2\">\n          <!---->\n          <div class=\"h-column h-column-container d-flex h-col-lg-auto h-col-md-auto h-col-auto style-703-outer style-local-459-c45-outer\">\n            <div data-colibri-id=\"459-c45\" class=\"d-flex h-flex-basis h-column__inner h-px-lg-0 h-px-md-2 h-px-0 v-inner-lg-0 v-inner-md-2 v-inner-0 style-703 style-local-459-c45 position-relative\">\n              <!---->\n              <!---->\n              <div class=\"w-100 h-y-container h-column__content h-column__v-align flex-basis-100 align-self-lg-center align-self-md-center align-self-center\">\n                <!---->\n                <div data-colibri-id=\"459-c46\" class=\"d-block style-704 style-local-459-c46 position-relative h-element\">\n                  <!---->\n                  <div class=\"h-image__frame-container-outer\">\n                    <div class=\"h-image__frame-container\">\n                      <!---->\n                      <!---->\n                      <img loading=\"lazy\" decoding=\"async\" width=\"525\" height=\"525\" src=\"http:\/\/tunderorszagbolcsi.hu\/wp-content\/uploads\/2022\/11\/cropped-santa.jpg\" class=\"wp-image-471 style-704-image style-local-459-c46-image\" alt=\"\" srcset=\"http:\/\/tunderorszagbolcsi.hu\/wp-content\/uploads\/2022\/11\/cropped-santa.jpg 525w, http:\/\/tunderorszagbolcsi.hu\/wp-content\/uploads\/2022\/11\/cropped-santa-300x300.jpg 300w, http:\/\/tunderorszagbolcsi.hu\/wp-content\/uploads\/2022\/11\/cropped-santa-150x150.jpg 150w\" sizes=\"auto, (max-width: 525px) 100vw, 525px\" \/>\n                      <div class=\"h-image__frame h-hide-sm style-704-frameImage style-local-459-c46-frameImage\"><\/div>\n                    <\/div>\n                  <\/div>\n                <\/div>\n              <\/div>\n            <\/div>\n          <\/div>\n          <div class=\"h-column h-column-container d-flex h-col-lg-auto h-col-md-auto h-col-auto style-705-outer style-local-459-c47-outer\">\n            <div data-colibri-id=\"459-c47\" class=\"d-flex h-flex-basis h-column__inner h-px-lg-0 h-px-md-0 h-px-2 v-inner-lg-0 v-inner-md-0 v-inner-2 style-705 style-local-459-c47 position-relative\">\n              <!---->\n              <!---->\n              <div class=\"w-100 h-y-container h-column__content h-column__v-align flex-basis-100 align-self-lg-center align-self-md-center align-self-center\">\n                <!---->\n                <div data-colibri-id=\"459-c48\" class=\"h-global-transition-all h-heading style-706 style-local-459-c48 position-relative h-element\">\n                  <!---->\n                  <div class=\"h-heading__outer style-706 style-local-459-c48\">\n                    <!---->\n                    <!---->\n                    <h3 class=\"\">B\u00f6lcs\u0151dei programok<\/h3>\n                  <\/div>\n                <\/div>\n                <div data-colibri-id=\"459-c49\" class=\"h-text h-text-component style-707 style-local-459-c49 position-relative h-element\">\n                  <!---->\n                  <!---->\n                  <div class=\"\">\n                    <p><strong>2024. december 6<\/strong>: Mikul\u00e1s \u00fcnneps\u00e9g<\/p>\n                    <p><strong>2024. december 10-11:<\/strong> adventi k\u00e9sz\u00fcl\u0151d\u00e9s &#8211; kreat\u00edv d\u00e9lut\u00e1n a csal\u00e1dokkal<\/p>\n                    <p><strong style=\"color: rgb(70, 112, 127); font-family: &quot;Open Sans&quot;; font-size: 16px;\">2024. december 17-18:<\/strong><span style=\"color: rgb(70, 112, 127); font-family: &quot;Open Sans&quot;; font-size: 16px; font-weight: 400;\">&nbsp;<\/span>d\u00e9lel\u0151tt\n                      b\u00f6lcsis kar\u00e1csony.<\/p>\n                  <\/div>\n                <\/div>\n              <\/div>\n            <\/div>\n          <\/div>\n        <\/div>\n      <\/div>\n    <\/div>\n  <\/div>\n  <div data-colibri-component=\"section\" data-colibri-id=\"459-c50\" id=\"content-3\" class=\"h-section h-section-global-spacing d-flex align-items-lg-center align-items-md-center align-items-center style-710 style-local-459-c50 position-relative\">\n    <!---->\n    <!---->\n    <div class=\"h-section-grid-container h-section-boxed-container\">\n      <!---->\n      <div data-colibri-id=\"459-c51\" class=\"h-row-container gutters-row-lg-2 gutters-row-md-2 gutters-row-2 gutters-row-v-lg-2 gutters-row-v-md-2 gutters-row-v-2 style-711 style-local-459-c51 position-relative\">\n        <!---->\n        <div class=\"h-row justify-content-lg-center justify-content-md-center justify-content-center align-items-lg-stretch align-items-md-stretch align-items-stretch gutters-col-lg-2 gutters-col-md-2 gutters-col-2 gutters-col-v-lg-2 gutters-col-v-md-2 gutters-col-v-2\">\n          <!---->\n          <div class=\"h-column h-column-container d-flex h-col-lg-auto h-col-md-auto h-col-auto style-712-outer style-local-459-c52-outer\">\n            <div data-colibri-id=\"459-c52\" class=\"d-flex h-flex-basis h-column__inner h-px-lg-0 h-px-md-0 h-px-2 v-inner-lg-0 v-inner-md-0 v-inner-2 style-712 style-local-459-c52 position-relative\">\n              <!---->\n              <!---->\n              <div class=\"w-100 h-y-container h-column__content h-column__v-align flex-basis-100 align-self-lg-center align-self-md-center align-self-center\">\n                <!---->\n                <div data-colibri-id=\"459-c53\" class=\"h-global-transition-all h-heading style-713 style-local-459-c53 position-relative h-element\">\n                  <!---->\n                  <div class=\"h-heading__outer style-713 style-local-459-c53\">\n                    <!---->\n                    <!---->\n                    <h3 class=\"\">Napirend<\/h3>\n                  <\/div>\n                <\/div>\n                <div data-colibri-id=\"459-c54\" class=\"h-text h-text-component style-714 style-local-459-c54 position-relative h-element\">\n                  <!---->\n                  <!---->\n                  <div class=\"\">\n                    <p>A j\u00f3l megszervezett folyamatos \u00e9s rugalmas napirend a nevel\u00e9s-gondoz\u00e1s felt\u00e9teleit teremti meg, \u00e9s nagyfok\u00fa biztons\u00e1g\u00e9rzetet, kisz\u00e1m\u00edthat\u00f3s\u00e1got ny\u00fajt a kisgyermekek sz\u00e1m\u00e1ra. A napirenden bel\u00fcl az esem\u00e9nyek k\u00f6vet\u00e9s\u00e9t \u00fagy \u00e1ll\u00edtjuk \u00f6ssze,\n                      hogy az a gyermekek \u00e9letkor\u00e1nak, fejletts\u00e9gi szintj\u00fcknek megfeleljen.<\/p>\n                    <p>6:30 Bev\u00e9tel, szabad j\u00e1t\u00e9k<\/p>\n                    <p>8:00 Reggeli<\/p>\n                    <p>8:30 Szabad j\u00e1t\u00e9k a szob\u00e1ban<\/p>\n                    <p>9:30 T\u00edz\u00f3rai, k\u00e9sz\u00fcl\u0151d\u00e9s az udvarra<\/p>\n                    <p>10:00 Szabad j\u00e1t\u00e9k az udvaron, rossz id\u0151 eset\u00e9n a szob\u00e1ban<\/p>\n                    <p>A gyermekek folyad\u00e9kp\u00f3tl\u00e1sa napk\u00f6zben folyamatos. A f\u00fcrd\u0151szoba haszn\u00e1lat, reggeli ut\u00e1n \u00e9s eb\u00e9d el\u0151tt a napirend r\u00e9sze, \u00e9s ett\u0151l elt\u00e9r\u0151en ig\u00e9ny szerint.<\/p>\n                    <p>10:45 Bej\u00f6vetel az udvarr\u00f3l, f\u00fcrd\u0151szoba haszn\u00e1lat, eb\u00e9dig szabad j\u00e1t\u00e9k a szob\u00e1ban<\/p>\n                    <p>11:30 Eb\u00e9d<\/p>\n                    <p>12:00 Csendes pihen\u0151<\/p>\n                    <p>14:45 \u00c9bred\u00e9si sorrendben f\u00fcrd\u0151szoba haszn\u00e1lata<\/p>\n                    <p>15:00 Uzsonna<\/p>\n                    <p>15:20 Szabad j\u00e1t\u00e9k a szob\u00e1ban, folyamatos hazamenetel<\/p>\n                    <p>17:30 B\u00f6lcs\u0151de z\u00e1r\u00e1sa<\/p>\n                    <p> <\/p>\n                  <\/div>\n                <\/div>\n              <\/div>\n            <\/div>\n          <\/div>\n          <div class=\"h-column h-column-container d-flex h-col-lg-auto h-col-md-auto h-col-auto style-717-outer style-local-459-c55-outer\">\n            <div data-colibri-id=\"459-c55\" class=\"d-flex h-flex-basis h-column__inner h-px-lg-0 h-px-md-2 h-px-0 v-inner-lg-0 v-inner-md-2 v-inner-0 style-717 style-local-459-c55 position-relative\">\n              <!---->\n              <!---->\n              <div class=\"w-100 h-y-container h-column__content h-column__v-align flex-basis-100 align-self-lg-center align-self-md-center align-self-center\">\n                <!---->\n                <div data-colibri-id=\"459-c56\" class=\"d-block style-718 style-local-459-c56 position-relative h-element\">\n                  <!---->\n                  <div class=\"h-image__frame-container-outer\">\n                    <div class=\"h-image__frame-container\">\n                      <!---->\n                      <!---->\n                      <img loading=\"lazy\" decoding=\"async\" width=\"1333\" height=\"1333\" src=\"http:\/\/tunderorszagbolcsi.hu\/wp-content\/uploads\/2022\/11\/cropped-clock2.jpg\" class=\"wp-image-475 style-718-image style-local-459-c56-image\" alt=\"\" srcset=\"http:\/\/tunderorszagbolcsi.hu\/wp-content\/uploads\/2022\/11\/cropped-clock2.jpg 1333w, http:\/\/tunderorszagbolcsi.hu\/wp-content\/uploads\/2022\/11\/cropped-clock2-300x300.jpg 300w, http:\/\/tunderorszagbolcsi.hu\/wp-content\/uploads\/2022\/11\/cropped-clock2-1024x1024.jpg 1024w, http:\/\/tunderorszagbolcsi.hu\/wp-content\/uploads\/2022\/11\/cropped-clock2-150x150.jpg 150w, http:\/\/tunderorszagbolcsi.hu\/wp-content\/uploads\/2022\/11\/cropped-clock2-768x768.jpg 768w\" sizes=\"auto, (max-width: 1333px) 100vw, 1333px\" \/>\n                      <div class=\"h-image__frame h-hide-sm style-718-frameImage style-local-459-c56-frameImage\"><\/div>\n                    <\/div>\n                  <\/div>\n                <\/div>\n              <\/div>\n            <\/div>\n          <\/div>\n        <\/div>\n      <\/div>\n    <\/div>\n  <\/div>\n<\/div>","protected":false},"excerpt":{"rendered":"<p>T\u00fcnd\u00e9rorsz\u00e1g b\u00f6lcs\u0151de, Dunavars\u00e1ny els\u0151 b\u00f6lcs\u0151d\u00e9je. Dunavars\u00e1ny az ut\u00f3bbi \u00e9vekben rendk\u00edv\u00fcl dinamikusan fejl\u0151d\u0151 telep\u00fcl\u00e9ss\u00e9 n\u0151tte ki mag\u00e1t, majd 2004. szeptember 18-\u00e1n v\u00e1ross\u00e1 avatt\u00e1k. 2018-ban a lakoss\u00e1g 8148 f\u0151re n\u0151tt, t\u00f6bbs\u00e9g\u00e9ben fiatal betelep\u00fcl\u0151kkel, \u00edgy sz\u00fcks\u00e9gess\u00e9 v\u00e1lt egy \u00faj b\u00f6lcs\u0151de meg\u00e9p\u00edt\u00e9se. 2021 nyar\u00e1n az alapk\u0151 let\u00e9tele meg is t\u00f6rt\u00e9nt. 2022 szeptember 19-\u00e9n \u00e1tadt\u00e1k a 4 csoportos, 48 f\u00e9r\u0151helyes [&hellip;]<\/p>\n","protected":false},"author":1,"featured_media":0,"parent":0,"menu_order":0,"comment_status":"closed","ping_status":"closed","template":"page-templates\/full-width-page.php","meta":{"footnotes":""},"class_list":["post-459","page","type-page","status-publish","hentry"],"_links":{"self":[{"href":"http:\/\/tunderorszagbolcsi.hu\/index.php?rest_route=\/wp\/v2\/pages\/459","targetHints":{"allow":["GET"]}}],"collection":[{"href":"http:\/\/tunderorszagbolcsi.hu\/index.php?rest_route=\/wp\/v2\/pages"}],"about":[{"href":"http:\/\/tunderorszagbolcsi.hu\/index.php?rest_route=\/wp\/v2\/types\/page"}],"author":[{"embeddable":true,"href":"http:\/\/tunderorszagbolcsi.hu\/index.php?rest_route=\/wp\/v2\/users\/1"}],"replies":[{"embeddable":true,"href":"http:\/\/tunderorszagbolcsi.hu\/index.php?rest_route=%2Fwp%2Fv2%2Fcomments&post=459"}],"version-history":[{"count":5,"href":"http:\/\/tunderorszagbolcsi.hu\/index.php?rest_route=\/wp\/v2\/pages\/459\/revisions"}],"predecessor-version":[{"id":810,"href":"http:\/\/tunderorszagbolcsi.hu\/index.php?rest_route=\/wp\/v2\/pages\/459\/revisions\/810"}],"wp:attachment":[{"href":"http:\/\/tunderorszagbolcsi.hu\/index.php?rest_route=%2Fwp%2Fv2%2Fmedia&parent=459"}],"curies":[{"name":"wp","href":"https:\/\/api.w.org\/{rel}","templated":true}]}}